{"id":315,"date":"2018-05-31T16:56:21","date_gmt":"2018-05-31T19:56:21","guid":{"rendered":"http:\/\/localhost\/medicina\/?page_id=315"},"modified":"2019-09-25T12:26:03","modified_gmt":"2019-09-25T15:26:03","slug":"malla","status":"publish","type":"page","link":"https:\/\/salud.uda.cl\/ergonomia\/malla\/","title":{"rendered":"Vinculaci\u00f3n"},"content":{"rendered":"<p>[et_pb_section fb_built=&#8221;1&#8243; admin_label=&#8221;About&#8221; _builder_version=&#8221;3.4.1&#8243; custom_padding=&#8221;25px|0px|0|0px|false|false&#8221;][et_pb_row custom_padding=&#8221;27px|0px|21px|0px|false|false&#8221; _builder_version=&#8221;3.19.1&#8243;][et_pb_column type=&#8221;4_4&#8243; _builder_version=&#8221;3.19.1&#8243; parallax=&#8221;off&#8221; parallax_method=&#8221;on&#8221;][et_pb_text _builder_version=&#8221;3.19.1&#8243;]<\/p>\n<h3><span style=\"color: #e09900; font-size: x-large;\"><strong>Actividades de vinculaci\u00f3n y<\/strong><\/span><\/h3>\n<h3><span style=\"color: #e09900; font-size: x-large;\"><strong> extensi\u00f3n acad\u00e9mica<\/strong><\/span><\/h3>\n<h3><strong><\/strong><\/h3>\n<h3><span style=\"font-size: x-large;\"><strong>\u00a0<\/strong><\/span><\/h3>\n<ul>\n<li><span style=\"font-size: large;\"><strong>Junio 2018<\/strong><\/span><\/li>\n<\/ul>\n<p><span style=\"font-size: large;\">Seminario sobre Riesgo Psicosocial: <em><strong>\u201cLa Evaluaci\u00f3n Participativa de los Riesgos Psicosociales: Una V\u00eda hacia al trabajo decente con equidad de g\u00e9nero\u201d\u00a0<span style=\"color: #e09900;\">Ver +<\/span><\/strong><\/em><\/span><\/p>\n<p>[\/et_pb_text][et_pb_image src=&#8221;http:\/\/www.salud.uda.cl\/ergonomia\/wp-content\/uploads\/2019\/01\/IMG-20180607-WA0081.jpg&#8221; _builder_version=&#8221;3.19.1&#8243;][\/et_pb_image][et_pb_text _builder_version=&#8221;3.19.1&#8243;]<\/p>\n<h3><\/h3>\n<p><span style=\"font-size: large;\"><em><strong><\/strong><\/em><\/span><\/p>\n<p><span style=\"font-size: large;\"><em><strong><\/strong><\/em><\/span><\/p>\n<ul>\n<li><span style=\"font-size: large;\"><strong>Julio 2018<\/strong><\/span><\/li>\n<\/ul>\n<p><span style=\"font-size: large;\">Seminario de Ergonom\u00eda<em>:<strong> \u201cC\u00f3mo aportar desde la ergonom\u00eda a la intervenci\u00f3n en seguridad y salud en el trabajo\u201d<\/strong>.<strong>.<span style=\"color: #e09900;\">Ver +<\/span><\/strong><\/em><\/span><\/p>\n<p><span style=\"font-size: large;\"><em><strong><\/strong><\/em><\/span><\/p>\n<p>[\/et_pb_text][et_pb_text _builder_version=&#8221;3.19.1&#8243;]<\/p>\n<p>&nbsp;<\/p>\n<p><span style=\"font-size: large;\"><em><strong><\/strong><\/em><\/span><\/p>\n<ul>\n<li><span style=\"font-size: large;\"><strong>Octubre 2018<\/strong><\/span><\/li>\n<\/ul>\n<p><span style=\"font-size: large;\">Seminario sobre Silicosis: <strong><em>\u201c<\/em><\/strong><em><strong>Relanzamiento del Plan Nacional de Erradicaci\u00f3n de la Silicosis en Atacama\u201d\u00a0<span style=\"color: #e09900;\">Ver +<\/span><\/strong><\/em><\/span><\/p>\n<p>[\/et_pb_text][\/et_pb_column][\/et_pb_row][\/et_pb_section][et_pb_section fb_built=&#8221;1&#8243; _builder_version=&#8221;3.19.1&#8243;][et_pb_row _builder_version=&#8221;3.19.1&#8243; custom_padding=&#8221;27px|0px|26px|0px|false|false&#8221;][et_pb_column type=&#8221;4_4&#8243; _builder_version=&#8221;3.19.1&#8243; parallax=&#8221;off&#8221; parallax_method=&#8221;on&#8221;][et_pb_text _builder_version=&#8221;3.19.1&#8243;]<\/p>\n<ul>\n<li><span style=\"font-size: large;\"><strong>Mayo 2019<\/strong><\/span><span style=\"font-size: large;\"><strong><\/strong><\/span><\/li>\n<\/ul>\n<p><span style=\"font-size: large;\"><strong><\/strong><\/span><\/p>\n<p><span style=\"font-size: large;\">Participaci\u00f3n en reuni\u00f3n de Consejo Regional de Seguridad Minera (CORESEMIN) Atacama: <em><strong>Lanzamiento de Diplomado en Ergonom\u00eda Ocupacional UDA 2019<\/strong><\/em><\/span><\/p>\n<p><span style=\"font-size: large;\"><em><strong><\/strong><\/em><\/span><\/p>\n<p><span style=\"font-size: large;\"><em><strong><\/strong><\/em><\/span><\/p>\n<p><span style=\"font-size: large;\"><strong><\/strong><\/span><\/p>\n<p>[\/et_pb_text][\/et_pb_column][\/et_pb_row][\/et_pb_section]<\/p>\n","protected":false},"excerpt":{"rendered":"<p>[et_pb_section fb_built=&#8221;1&#8243; admin_label=&#8221;About&#8221; _builder_version=&#8221;3.4.1&#8243; custom_padding=&#8221;25px|0px|0|0px|false|false&#8221;][et_pb_row custom_padding=&#8221;27px|0px|21px|0px|false|false&#8221; _builder_version=&#8221;3.19.1&#8243;][et_pb_column type=&#8221;4_4&#8243; _builder_version=&#8221;3.19.1&#8243; parallax=&#8221;off&#8221; parallax_method=&#8221;on&#8221;][et_pb_text _builder_version=&#8221;3.19.1&#8243;] Actividades de vinculaci\u00f3n y extensi\u00f3n acad\u00e9mica \u00a0 Junio 2018 Seminario sobre Riesgo Psicosocial: \u201cLa Evaluaci\u00f3n Participativa de los Riesgos Psicosociales: Una V\u00eda hacia al trabajo decente con equidad de g\u00e9nero\u201d\u00a0Ver + [\/et_pb_text][et_pb_image src=&#8221;http:\/\/www.salud.uda.cl\/ergonomia\/wp-content\/uploads\/2019\/01\/IMG-20180607-WA0081.jpg&#8221; _builder_version=&#8221;3.19.1&#8243;][\/et_pb_image][et_pb_text _builder_version=&#8221;3.19.1&#8243;] Julio 2018 Seminario de Ergonom\u00eda: \u201cC\u00f3mo aportar desde [&hellip;]<\/p>\n","protected":false},"author":3,"featured_media":0,"parent":0,"menu_order":0,"comment_status":"closed","ping_status":"closed","template":"","meta":{"_et_pb_use_builder":"on","_et_pb_old_content":""},"_links":{"self":[{"href":"https:\/\/salud.uda.cl\/ergonomia\/wp-json\/wp\/v2\/pages\/315"}],"collection":[{"href":"https:\/\/salud.uda.cl\/ergonomia\/wp-json\/wp\/v2\/pages"}],"about":[{"href":"https:\/\/salud.uda.cl\/ergonomia\/wp-json\/wp\/v2\/types\/page"}],"author":[{"embeddable":true,"href":"https:\/\/salud.uda.cl\/ergonomia\/wp-json\/wp\/v2\/users\/3"}],"replies":[{"embeddable":true,"href":"https:\/\/salud.uda.cl\/ergonomia\/wp-json\/wp\/v2\/comments?post=315"}],"version-history":[{"count":13,"href":"https:\/\/salud.uda.cl\/ergonomia\/wp-json\/wp\/v2\/pages\/315\/revisions"}],"predecessor-version":[{"id":2260,"href":"https:\/\/salud.uda.cl\/ergonomia\/wp-json\/wp\/v2\/pages\/315\/revisions\/2260"}],"wp:attachment":[{"href":"https:\/\/salud.uda.cl\/ergonomia\/wp-json\/wp\/v2\/media?parent=315"}],"curies":[{"name":"wp","href":"https:\/\/api.w.org\/{rel}","templated":true}]}}